{"version":"1.0","provider_name":"SERVICIUL PUBLIC COMUNITAR LOCAL DE EVIDEN\u0162A A PERSOANELOR SLOBOZIA","provider_url":"https:\/\/depslobozia.ro","author_name":"directorevpslobozia","author_url":"https:\/\/depslobozia.ro\/index.php\/author\/directorevpslobozia\/","title":"\u00cenregistrare tardiv\u0103 - SERVICIUL PUBLIC COMUNITAR LOCAL DE EVIDEN\u0162A A PERSOANELOR SLOBOZIA","type":"rich","width":600,"height":338,"html":"<blockquote class=\"wp-embedded-content\" data-secret=\"nJO9x26oQk\"><a href=\"https:\/\/depslobozia.ro\/index.php\/2021\/08\/20\/227\/\">\u00cenregistrare tardiv\u0103<\/a><\/blockquote><iframe sandbox=\"allow-scripts\" security=\"restricted\" src=\"https:\/\/depslobozia.ro\/index.php\/2021\/08\/20\/227\/embed\/#?secret=nJO9x26oQk\" width=\"600\" height=\"338\" title=\"&#8222;\u00cenregistrare tardiv\u0103&#8221; &#8211; SERVICIUL PUBLIC COMUNITAR LOCAL DE EVIDEN\u0162A A PERSOANELOR SLOBOZIA\" data-secret=\"nJO9x26oQk\" frameborder=\"0\" marginwidth=\"0\" marginheight=\"0\" scrolling=\"no\" class=\"wp-embedded-content\"><\/iframe><script type=\"text\/javascript\">\n\/* <![CDATA[ *\/\n\/*! This file is auto-generated *\/\n!function(d,l){\"use strict\";l.querySelector&&d.addEventListener&&\"undefined\"!=typeof URL&&(d.wp=d.wp||{},d.wp.receiveEmbedMessage||(d.wp.receiveEmbedMessage=function(e){var t=e.data;if((t||t.secret||t.message||t.value)&&!\/[^a-zA-Z0-9]\/.test(t.secret)){for(var s,r,n,a=l.querySelectorAll('iframe[data-secret=\"'+t.secret+'\"]'),o=l.querySelectorAll('blockquote[data-secret=\"'+t.secret+'\"]'),c=new RegExp(\"^https?:$\",\"i\"),i=0;i<o.length;i++)o[i].style.display=\"none\";for(i=0;i<a.length;i++)s=a[i],e.source===s.contentWindow&&(s.removeAttribute(\"style\"),\"height\"===t.message?(1e3<(r=parseInt(t.value,10))?r=1e3:~~r<200&&(r=200),s.height=r):\"link\"===t.message&&(r=new URL(s.getAttribute(\"src\")),n=new URL(t.value),c.test(n.protocol))&&n.host===r.host&&l.activeElement===s&&(d.top.location.href=t.value))}},d.addEventListener(\"message\",d.wp.receiveEmbedMessage,!1),l.addEventListener(\"DOMContentLoaded\",function(){for(var e,t,s=l.querySelectorAll(\"iframe.wp-embedded-content\"),r=0;r<s.length;r++)(t=(e=s[r]).getAttribute(\"data-secret\"))||(t=Math.random().toString(36).substring(2,12),e.src+=\"#?secret=\"+t,e.setAttribute(\"data-secret\",t)),e.contentWindow.postMessage({message:\"ready\",secret:t},\"*\")},!1)))}(window,document);\n\/\/# sourceURL=https:\/\/depslobozia.ro\/wp-includes\/js\/wp-embed.min.js\n\/* ]]> *\/\n<\/script>\n","thumbnail_url":"https:\/\/depslobozia.ro\/wp-content\/uploads\/2021\/08\/nasteretrans.jpg","thumbnail_width":560,"thumbnail_height":373,"description":"Dup\u0103 \u00eemplinirea termenului de 30 de zile, \u00eentocmirea actului de na\u015ftere se face la cererea scris\u0103 a declarantului, cu aprobarea primarului unit\u0103\u0163ii administrativ-teritoriale \u00een a c\u0103rei raz\u0103 s-a produs evenimentul, cu avizul conform al serviciului public comunitar jude\u0163ean de eviden\u0163\u0103 a persoanelor sau, dup\u0103 caz, al Direc\u0163iei Generale de Eviden\u0163\u0103 a Persoanelor a Municipiului Bucure\u015fti.&nbsp;\u00eenregistrarea &hellip;Cite\u0219te mai mult"}